{"id":13463,"date":"2024-07-30T08:16:20","date_gmt":"2024-07-30T08:16:20","guid":{"rendered":"http:\/\/ninzio.com\/edukul\/?page_id=13463"},"modified":"2024-08-17T02:29:39","modified_gmt":"2024-08-17T02:29:39","slug":"licenciatura-ba","status":"publish","type":"page","link":"https:\/\/idiomasmazatlan.com\/uas\/licenciatura-ba\/","title":{"rendered":"Licenciatura &#8211; BA in ELT"},"content":{"rendered":"<div class=\"wpb-content-wrapper\"><p>[vc_row][vc_column]\r\n\t<div class=\"edukul-accordions accordions\"><div class=\"accordion-item style-2 active\" style=\"margin-bottom:5px;\"><h3 class=\"accordion-heading\" style=\"\">\r\n\t\t\t<span class=\"inner\" style=\"\">\r\n\t\t\t\tInformaci\u00f3n General\r\n\t\t\t<\/span>\r\n\t\t<\/h3><div class=\"accordion-content\" style=\"\"><p class=\"Cuerpo\"><span lang=\"ES-TRAD\">La Licenciatura en Ense\u00f1anza del Idioma Ingl\u00e9s (LEII) es una aventura que transformar\u00e1 tu futuro. Nuestro programa te prepara para ense\u00f1ar ingl\u00e9s innovadoramente, mezclando tecnolog\u00eda y pedagog\u00eda con un coraz\u00f3n humanista.<br \/>\n<\/span><span lang=\"ES-TRAD\">Est\u00e1 dise\u00f1ado para estudiantes que egresan de preparatoria y para docentes en activo sin formaci\u00f3n formal en la ense\u00f1anza de idiomas, nuestro programa es tu puente hacia nuevas culturas y oportunidades.<br \/>\nCon beneficios como movilidad internacional y becas para certificaciones de Cambridge, te preparamos para destacar en un mundo globalizado.<\/span><\/p>\n<p class=\"Cuerpo\"><span lang=\"ES-TRAD\">\u00danete a nosotros y abre puertas a un futuro brillante. <\/span><\/p>\n<p><strong>Sobre el Programa:<span> <\/span><\/strong>Duraci\u00f3n 4 a\u00f1os (8 Semestres)<br \/>\n<strong>Clases:<span> <\/span><\/strong>Lunes a Viernes \u2013 7:00 a.m. a 12:00 p.m.<\/p>\n<p><strong>REQUISITOS<\/strong><\/p>\n<p>-CURP<br \/>\n-Certificado de preparatoria.<br \/>\n-Acta de Nacimiento.<\/p>\n<p>-Acreditar Examen UAS de ingreso<br \/>\n-Acreditar Nivel B1 (CEFR) via examen tipo certificaci\u00f3n<br \/>\n-Aplicaci\u00f3n de Instrumento para valorar Aptitudes y Habilidades.<br \/>\n[Entrevista en Ingl\u00e9s]<br \/>\n-*Asistencia al curso de inducci\u00f3n.<\/p>\n<p><strong>Fechas de inscripci\u00f3n:<\/strong><span> <\/span>El proceso de pre-inscripci\u00f3n inicia en el mes de Abril.<br \/>\nMayores informes en la p\u00e1gina oficial de admisi\u00f3n de la UAS.<span> <\/span><a href=\"http:\/\/dse.uasnet.mx\/admision\/\">http:\/\/dse.uasnet.mx\/admision\/<\/a><span> <\/span>o escr\u00edbenos a: <a href=\"mailto:controlescolarba@uas.edu.mx\">controlescolarba@uas.edu.mx<\/a><\/p>\n<\/div><\/div><div class=\"accordion-item style-2\" style=\"margin-bottom:5px;\"><h3 class=\"accordion-heading\" style=\"\">\r\n\t\t\t<span class=\"inner\" style=\"\">\r\n\t\t\t\tMisi\u00f3n y Visi\u00f3n\r\n\t\t\t<\/span>\r\n\t\t<\/h3><div class=\"accordion-content\" style=\"\"><p><strong>Misi\u00f3n<\/strong><\/p>\n<p>Inspirar a futuros educadores de ingl\u00e9s a trav\u00e9s de un programa acad\u00e9mico de vanguardia, fundamentado en el Modelo Educativo UAS 2022 y el Plan de Desarrollo Institucional con Visi\u00f3n de Futuro 2025, comprometidos con la excelencia, la innovaci\u00f3n pedag\u00f3gica y la responsabilidad social. Nos dedicamos a desarrollar profesionales \u00edntegros, cr\u00edticos y creativos, capaces de enfrentar los desaf\u00edos de un mundo globalizado, promoviendo un aprendizaje significativo e inclusivo, y contribuyendo al desarrollo sustentable y la justicia social.<\/p>\n<p><strong>V<\/strong><b>isi\u00f3n<\/b><\/p>\n<p>Ser un programa l\u00edder en la formaci\u00f3n de docentes de ingl\u00e9s, reconocido por su excelencia acad\u00e9mica, innovaci\u00f3n pedag\u00f3gica y compromiso \u00e9tico. Aspiramos a que nuestros egresados sean referentes en la ense\u00f1anza del ingl\u00e9s, con un perfil profesional que refleje los valores y competencias sello UAS, impulsando el avance educativo y cultural a nivel nacional e internacional.<\/p>\n<p><strong>Valores UAS<\/strong><\/p>\n<p>Estos valores fundamentan el compromiso de la Universidad Aut\u00f3noma de Sinaloa con una educaci\u00f3n integral, \u00e9tica y de excelencia, reflejando nuestra visi\u00f3n de contribuir al desarrollo humano, social y profesional de nuestros estudiantes.<br \/>\nLa calidad, la innovaci\u00f3n, la congruencia con su naturaleza acad\u00e9mica, la pertinencia en relaci\u00f3n con las necesidades del pa\u00eds, la equidad educativa e igualdad de g\u00e9nero, el humanismo, el compromiso con la construcci\u00f3n de una sociedad mejor, y la autonom\u00eda responsable se desprenden de los siguientes valores:<\/p>\n<ul>\n<li>Intelecto \/ conocimiento<\/li>\n<li>Social \/ comunicario<\/li>\n<li>\u00c9tico \/ moral<\/li>\n<li>F\u00edsico \/ biol\u00f3gico<\/li>\n<li>Est\u00e9tico \/ belleza<\/li>\n<li>Econ\u00f3mico \/ bienes materiales<\/li>\n<li>Afectivo \/ amistad<\/li>\n<li>Espiritual \/ trascendente<\/li>\n<\/ul>\n<\/div><\/div><div class=\"accordion-item style-2 active\" style=\"margin-bottom:5px;\"><h3 class=\"accordion-heading\" style=\"\">\r\n\t\t\t<span class=\"inner\" style=\"\">\r\n\t\t\t\tPerfil de Ingreso y Egreso\r\n\t\t\t<\/span>\r\n\t\t<\/h3><div class=\"accordion-content\" style=\"\"><p><strong>Perfil de Ingreso<\/strong><\/p>\n<p>En la b\u00fasqueda del perfil de ingreso deseable tomamos en cuenta las caracter\u00edsticas requeridas en los aspirantes que pretenden cursar el programa educativo y se conforma con las competencias requeridas para un desempe\u00f1o acad\u00e9mico adecuado, que permita su egreso oportuno y el desarrollo de competencias profesionales que propicien su inserci\u00f3n positiva en un campo laboral competitivo, demandante y comprometido con su entorno econ\u00f3mico, social, cultural y familiar, pero adem\u00e1s que lo motiven a aprender a conocer, aprender a hacer, aprender a vivir juntos, aprender a ser, que son los cuatro pilares fundamentales de la educaci\u00f3n (UNESCO).<\/p>\n<p><strong>Perfil de Egreso<\/strong><\/p>\n<p>El egresado de la Licenciatura en Ense\u00f1anza del Idioma Ingl\u00e9s de la Universidad Aut\u00f3noma de Sinaloa (UAS) ser\u00e1 un profesional que integra competencias ling\u00fc\u00edsticas, pedag\u00f3gicas y tecnol\u00f3gicas de alto nivel, destacando por su \u00e9tica acad\u00e9mica, compromiso con la equidad y la inclusi\u00f3n, y una s\u00f3lida formaci\u00f3n en valores y competencias sello UAS. Estar\u00e1 preparado para innovar en la ense\u00f1anza del ingl\u00e9s, promover el aprendizaje significativo y responder a las necesidades educativas diversificadas, contribuyendo activamente al desarrollo social y cultural tanto nacional como internacionalmente.<\/p>\n<p><strong>Competencias espec\u00edficas de Licenciatura en Ense\u00f1anza del Idioma Ingl\u00e9s<\/strong><\/p>\n<p><strong>CE1.<\/strong><span> <\/span>Se comunica en ingl\u00e9s de manera correcta a trav\u00e9s de los cuatro modos de comunicaci\u00f3n, para relacionarse con la sociedad y actuar como docente de manera efectiva y pertinente en el \u00e1mbito privado, p\u00fablico y social.<\/p>\n<p><strong>CE2.<\/strong><span> <\/span>Conoce los procesos ling\u00fc\u00edsticos, psicoling\u00fc\u00edsticos y socioling\u00fc\u00edsticos, para promover el aprendizaje del ingl\u00e9s en estudiantes de diversas edades, perfiles y necesidades educativas de manera eficiente.<\/p>\n<p><strong>CE3.<\/strong><span> <\/span>Comprende y utiliza paradigmas y teor\u00edas para fundamentar su pr\u00e1ctica docente, con \u00e9nfasis en las que promuevan el aprendizaje significativo, inclusivo y responsable.<\/p>\n<p><strong>CE4.<\/strong><span> <\/span>Conoce y aplica los principios de la pedagog\u00eda del ingl\u00e9s para prop\u00f3sitos espec\u00edficos y acad\u00e9micos.<\/p>\n<p><strong>CE5.<\/strong><span> <\/span>Diagnostica el perfil y necesidades educativas de sus alumnos y los usa para adecuar procesos de aprendizaje, con base en el c\u00f3digo y est\u00e1ndares internacionales que orientan la pr\u00e1ctica docente del idioma ingl\u00e9s.<\/p>\n<p><strong>CE6.<\/strong><span> <\/span>Dise\u00f1a acciones pedag\u00f3gico-did\u00e1cticas para conducir el aprendizaje sistematizado con una visi\u00f3n integradora, con sentido cr\u00edtico y responsabilidad con las necesidades educativas de la sociedad actual integrando el uso de la tecnolog\u00eda.<\/p>\n<p><strong>CE7.<\/strong><span> <\/span>Elabora programas de estudio para una diversidad de necesidades de aprendizaje del idioma ingl\u00e9s, considerando los conocimientos previos, contexto y necesidades educativas de los aprendices.<\/p>\n<p><strong>CE8.<\/strong><span> <\/span>Planifica su actividad did\u00e1ctica de manera individual y colegiada, incorporando el uso variado de m\u00e9todos, estrategias y recursos tecnol\u00f3gicos, orientados a la integraci\u00f3n del saber, el saber hacer, el saber ser y convivir, y a que los estudiantes aprendan y se desarrollen con responsabilidad y efectividad en ambientes diversos.<\/p>\n<p><strong>CE9.<\/strong><span> <\/span>Dise\u00f1a recursos y materiales para promover el dominio del idioma ingl\u00e9s considerando las caracter\u00edsticas de sus estudiantes y el contexto de aprendizaje.<\/p>\n<p><strong>CE10.<\/strong><span> <\/span>Eval\u00faa individual y colegiadamente el proceso y resultados de sus planes de acci\u00f3n docente, para realimentar los procesos acad\u00e9micos con base en la reflexi\u00f3n sobre el quehacer docente y el modelo educativo que lo orienta.<\/p>\n<p><strong>CE11.<\/strong><span> <\/span>Realiza investigaci\u00f3n educativa para comprender, intervenir, producir y difundir conocimiento sobre la ense\u00f1anza y el aprendizaje del idioma ingl\u00e9s, con base en procesos y \u00e9tica cient\u00edfica.<\/p>\n<p><strong>CE12.<\/strong><span> <\/span>Aplica procedimientos, t\u00e9cnicas y herramientas en la traducci\u00f3n de oraciones, p\u00e1rrafos y peque\u00f1os textos apegados al prop\u00f3sito del texto, la fidelidad del mensaje y el lector o usuario de dicha traducci\u00f3n.<\/p>\n<p><strong>CE13.<\/strong><span> <\/span>Emprende y comercializa sus habilidades docentes diversificando su pr\u00e1ctica docente.<\/p>\n<\/div><\/div><div class=\"accordion-item style-2\" style=\"margin-bottom:5px;\"><h3 class=\"accordion-heading\" style=\"\">\r\n\t\t\t<span class=\"inner\" style=\"\">\r\n\t\t\t\tC\u00f3digo de \u00c9tica\r\n\t\t\t<\/span>\r\n\t\t<\/h3><div class=\"accordion-content\" style=\"\"><p><strong>El deber ser del Universitario UAS<\/strong><\/p>\n<div class=\"page\" title=\"Page 26\">\n<div class=\"layoutArea\">\n<div class=\"column\">\n<p>A partir de los valores universitarios, surge el C\u00f3digo de \u00c9tica, tambi\u00e9n plasmado en el Plan de Desarrollo Institucional (PDI), y que se sintetiza a continuaci\u00f3n. Cabe destacar que dicha s\u00edntesis del c\u00f3digo de \u00e9tica del actual rector, Dr. Madue\u00f1a (2021) se estructura entorno a compromisos \u00e9ticos hacia diferentes grupos e instancias, resaltando la importancia de\u2026<\/p>\n<\/div>\n<\/div>\n<\/div>\n<p><strong>\u00c9tica hacia:<\/strong><\/p>\n<ul>\n<li><strong>Los alumnos:<\/strong><span> <\/span>Fomentar relaciones gratificantes, equidad, respeto, reconocimiento de la identidad cultural, y evitar dogmatismos.<\/li>\n<li><strong>Los padres y tutores:<\/strong><span> <\/span>Respetar sus elecciones educativas, asumir responsabilidades, y promover la comunicaci\u00f3n y cooperaci\u00f3n.<\/li>\n<li><strong>El mejoramiento profesional<\/strong>: Dedicaci\u00f3n, formaci\u00f3n continua, contribuci\u00f3n a la dignificaci\u00f3n de la profesi\u00f3n, y promoci\u00f3n del respeto a los derechos profesionales.<\/li>\n<li><strong>Otros educadores:<\/strong><span> <\/span>Mantener el secreto profesional, evitar ventajas indebidas, y promover un ambiente de trabajo en equipo.<\/li>\n<li><strong>La instituci\u00f3n:<\/strong><span> <\/span>Participar en la mejora de la calidad educativa, respetar la autoridad, y cooperar en actividades extracurriculares.<\/li>\n<li><strong>La sociedad:<\/strong><span> <\/span>Fomentar valores como la creatividad, justicia, tolerancia, y respeto por la naturaleza, educando para una convivencia arm\u00f3nica.<\/li>\n<\/ul>\n<p>Estos principios reflejan un compromiso \u00e9tico profundo con la formaci\u00f3n integral, el respeto, la equidad, y la responsabilidad social, fundamentales para la comunidad educativa de la Universidad Aut\u00f3noma de Sinaloa.<\/p>\n<p>(<a href=\"https:\/\/www.uas.edu.mx\/Modelo_Educativo.pdf\">Modelo Educativo UAS 2022 \u2013 Liga<\/a>)<\/p>\n<\/div><\/div><div class=\"accordion-item style-1 active\" style=\"margin-bottom:5px;\"><h3 class=\"accordion-heading\" style=\"\">\r\n\t\t\t<span class=\"inner\" style=\"\">\r\n\t\t\t\tAdministraci\u00f3n LEII\r\n\t\t\t<\/span>\r\n\t\t<\/h3><div class=\"accordion-content\" style=\"\"><div>\n<table align=\"center\">\n<tbody>\n<tr>\n<td style=\"text-align: center;\"><img loading=\"lazy\" decoding=\"async\" src=\"https:\/\/idiomasmazatlan.com\/uas\/wp-content\/uploads\/2024\/08\/Melina-Elenes.webp\" alt=\"\" width=\"150\" height=\"150\" class=\"alignnone size-full wp-image-19342\" srcset=\"https:\/\/idiomasmazatlan.com\/uas\/wp-content\/uploads\/2024\/08\/Melina-Elenes.webp 150w, https:\/\/idiomasmazatlan.com\/uas\/wp-content\/uploads\/2024\/08\/Melina-Elenes-100x100.webp 100w\" sizes=\"auto, (max-width: 150px) 100vw, 150px\" \/><br \/>\n<b>Dra. Melina Marbella<span> <\/span><\/b><b>Elenes<\/b><b><span> <\/span>Liz\u00e1rraga<br \/>\n<\/b><b>Directora<span> <\/span><\/b><b>CEI-M<br \/>\n<\/b>direccionceim@uas.edu.mx<\/td>\n<\/tr>\n<tr>\n<td>\n<p style=\"text-align: center;\"><img loading=\"lazy\" decoding=\"async\" src=\"https:\/\/idiomasmazatlan.com\/uas\/wp-content\/uploads\/2024\/08\/MichAmano.webp\" alt=\"\" class=\"aligncenter wp-image-19360\" width=\"150\" height=\"150\" \/><br \/>\n<strong>M.Ed.<\/strong><b> Michiko Amano<br \/>\n<\/b><b>Administraci\u00f3n RH CEI-M<br \/>\n<\/b>subceim@ms.uas.edu.mx<\/p>\n<\/td>\n<\/tr>\n<tr>\n<td>\n<p style=\"text-align: center;\"><b><img loading=\"lazy\" decoding=\"async\" src=\"https:\/\/idiomasmazatlan.com\/uas\/wp-content\/uploads\/2024\/08\/EDELBAIS-URIBE-MARTINEZ.webp\" alt=\"\" width=\"150\" height=\"150\" class=\"alignnone size-full wp-image-19329\" srcset=\"https:\/\/idiomasmazatlan.com\/uas\/wp-content\/uploads\/2024\/08\/EDELBAIS-URIBE-MARTINEZ.webp 150w, https:\/\/idiomasmazatlan.com\/uas\/wp-content\/uploads\/2024\/08\/EDELBAIS-URIBE-MARTINEZ-100x100.webp 100w\" sizes=\"auto, (max-width: 150px) 100vw, 150px\" \/><br \/>\nM.A. Edelbais Uribe Mart\u00ednez<\/b><b><br \/>\n<\/b><b>Coordinadora<span> <\/span><\/b><b>Acad\u00e9mica<br \/>\n<\/b>coordinacionacademicaba@uas.edu.mx<\/p>\n<\/td>\n<\/tr>\n<\/tbody>\n<\/table>\n<\/div>\n<div>\n<table width=\"624\" align=\"center\">\n<tbody>\n<tr>\n<td style=\"text-align: center;\"><b><img loading=\"lazy\" decoding=\"async\" src=\"https:\/\/idiomasmazatlan.com\/uas\/wp-content\/uploads\/2024\/08\/DavidAramburo.webp\" alt=\"\" width=\"127\" height=\"159\" class=\"alignnone size-full wp-image-19361\" \/><br \/>\nDr. David Ar\u00e1mburo Liz\u00e1rraga<br \/>\n<\/b><b>Trayectoria Estudiantil<br \/>\n<\/b>trayectoriaestudiantilba@uas.edu.mx<\/td>\n<td style=\"text-align: center;\"><b><img loading=\"lazy\" decoding=\"async\" src=\"https:\/\/idiomasmazatlan.com\/uas\/wp-content\/uploads\/2024\/08\/GabySanchez.webp\" alt=\"\" width=\"150\" height=\"150\" class=\"alignnone size-full wp-image-19362\" srcset=\"https:\/\/idiomasmazatlan.com\/uas\/wp-content\/uploads\/2024\/08\/GabySanchez.webp 150w, https:\/\/idiomasmazatlan.com\/uas\/wp-content\/uploads\/2024\/08\/GabySanchez-100x100.webp 100w\" sizes=\"auto, (max-width: 150px) 100vw, 150px\" \/><br \/>\nLic. Gabriela S\u00e1nchez Arellano<br \/>\n<\/b><b>Control Escolar<br \/>\n<\/b>controlescolarba@uas.edu.mx<\/td>\n<\/tr>\n<\/tbody>\n<tbody>\n<tr>\n<td style=\"text-align: center;\"><b><img loading=\"lazy\" decoding=\"async\" src=\"https:\/\/idiomasmazatlan.com\/uas\/wp-content\/uploads\/2024\/08\/Silvia-Alicia-Gaspar-Aguirre.webp\" alt=\"\" width=\"150\" height=\"150\" class=\"alignnone size-full wp-image-19363\" srcset=\"https:\/\/idiomasmazatlan.com\/uas\/wp-content\/uploads\/2024\/08\/Silvia-Alicia-Gaspar-Aguirre.webp 150w, https:\/\/idiomasmazatlan.com\/uas\/wp-content\/uploads\/2024\/08\/Silvia-Alicia-Gaspar-Aguirre-100x100.webp 100w\" sizes=\"auto, (max-width: 150px) 100vw, 150px\" \/><br \/>\nLic. Silvia Alicia Gaspar Aguirre<br \/>\nTutor\u00edas y Movilidad Estudiantil<br \/>\n<\/b>tutoriasba@uas.edu.mx<\/td>\n<td style=\"text-align: center;\"><b><img loading=\"lazy\" decoding=\"async\" src=\"https:\/\/idiomasmazatlan.com\/uas\/wp-content\/uploads\/2024\/08\/Ana-Isabel-Orrantia.webp\" alt=\"\" width=\"150\" height=\"150\" class=\"alignnone size-full wp-image-19364\" srcset=\"https:\/\/idiomasmazatlan.com\/uas\/wp-content\/uploads\/2024\/08\/Ana-Isabel-Orrantia.webp 150w, https:\/\/idiomasmazatlan.com\/uas\/wp-content\/uploads\/2024\/08\/Ana-Isabel-Orrantia-100x100.webp 100w\" sizes=\"auto, (max-width: 150px) 100vw, 150px\" \/><br \/>\nM.A. Ana Isabel<span> <\/span><\/b><b>Orrantia<\/b><b>Dworak<br \/>\n<\/b><b>Servicio<span> <\/span><\/b><b>Social<br \/>\n<\/b>serviciosocialba@uas.edu.mx<\/td>\n<\/tr>\n<\/tbody>\n<\/table>\n<\/div>\n<\/div><\/div><\/div>\r\n\t<div class=\"edukul-spacer clearfix\" data-desktop=\"60\" data-mobi=\"30\" data-smobi=\"30\"><\/div>[vc_zigzag color=\u00bborange\u00bb el_border_width=\u00bb8&#8243;]\r\n\t<div class=\"edukul-spacer clearfix\" data-desktop=\"30\" data-mobi=\"10\" data-smobi=\"10\"><\/div><div class=\"edukul-content-box clearfix \" data-padding=\"\" data-mobipadding=\"\" data-margin=\"\" data-mobimargin=\"\" >\r\n\t\t<div class=\"inner ctb-2039401543\" style=\"background-position:left top;background-repeat:no-repeat;\"  data-background=\"\">\r\n\t\t\t<div class=\"edukul-fancy-text scroll text-center\" data-min=\"22px\" data-max=\"70px\" style=\"height:70px;\">\r\n\t        <h2 class=\"heading\" style=\"font-size:70px;height:70px;line-height:70px;\">DOCENTES<\/h2>\r\n\t    <\/div>\r\n\t<div class=\"edukul-spacer clearfix\" data-desktop=\"30\" data-mobi=\"10\" data-smobi=\"10\"><\/div>\r\n\t\t<\/div>\r\n\t<\/div>[\/vc_column][\/vc_row][vc_row][vc_column]\r\n\t<div class=\"edukul-spacer clearfix\" data-desktop=\"20\" data-mobi=\"10\" data-smobi=\"10\"><\/div>[\/vc_column][\/vc_row][vc_section css_animation=\u00bbnone\u00bb el_id=\u00bbdocentesLEII\u00bb css=\u00bb.vc_custom_1722707636212{background-color: #0f2051 !important;}\u00bb][vc_row][vc_column width=\u00bb1\/4&#8243;]\r\n\t<div class=\"edukul-spacer clearfix\" data-desktop=\"20\" data-mobi=\"10\" data-smobi=\"10\"><\/div><div class=\"edukul-center-carousel-box gap-30 bullet50\" data-auto=\"false\" data-gap=\"30\" data-padding=\"15%\" data-slide=\"3\">\r\n        <div class=\"edukul-icon-box clearfix icon-top align-left  simple\" style=\"\" ><div class=\"wrap-inner\" style=\"position: relative;\"> <h6 class=\"heading  white\" style=\"color:#ffffff;\">\r\n\t\t\t<span>ADRIANA SALAZAR G\u00d3MEZ<\/span>\r\n\t\t<\/h6><div class=\"desc\" style=\"\"><p><img loading=\"lazy\" decoding=\"async\" src=\"https:\/\/idiomasmazatlan.com\/uas\/wp-content\/uploads\/2024\/08\/ADRIANA-SALAZAR-GOMEZ.webp\" alt=\"\" width=\"150\" height=\"150\" class=\"alignnone size-full wp-image-19322\" srcset=\"https:\/\/idiomasmazatlan.com\/uas\/wp-content\/uploads\/2024\/08\/ADRIANA-SALAZAR-GOMEZ.webp 150w, https:\/\/idiomasmazatlan.com\/uas\/wp-content\/uploads\/2024\/08\/ADRIANA-SALAZAR-GOMEZ-100x100.webp 100w\" sizes=\"auto, (max-width: 150px) 100vw, 150px\" \/><\/p>\n<\/div><div class=\"url-wrap\" style=\"\">\r\n\t\t\t<a target=\"_blank\" class=\"edukul-button big btn-1801438163 custom custom outline solid custom\" href=\"mailto:adriana.salazar@uas.edu.mx\" style=\"border-width:1px;\"  data-background=\"#be9f37\" data-text=\"#ffffff\" data-border=\"\">Email<\/a>\r\n\t\t<\/div> <\/div><\/div><div class=\"edukul-icon-box clearfix icon-top align-left  simple\" style=\"\" ><div class=\"wrap-inner\" style=\"position: relative;\"> <h6 class=\"heading  white\" style=\"color:#ffffff;\">\r\n\t\t\t<span>ALMA DELIA LE\u00d3N GASPAR<\/span>\r\n\t\t<\/h6><div class=\"desc\" style=\"\"><p><img loading=\"lazy\" decoding=\"async\" src=\"https:\/\/idiomasmazatlan.com\/uas\/wp-content\/uploads\/2024\/08\/ALMA-DELIA-LEON-GASPAR.webp\" alt=\"\" width=\"150\" height=\"150\" class=\"alignnone size-full wp-image-19328\" srcset=\"https:\/\/idiomasmazatlan.com\/uas\/wp-content\/uploads\/2024\/08\/ALMA-DELIA-LEON-GASPAR.webp 150w, https:\/\/idiomasmazatlan.com\/uas\/wp-content\/uploads\/2024\/08\/ALMA-DELIA-LEON-GASPAR-100x100.webp 100w\" sizes=\"auto, (max-width: 150px) 100vw, 150px\" \/><\/p>\n<\/div><div class=\"url-wrap\" style=\"\">\r\n\t\t\t<a target=\"_blank\" class=\"edukul-button big btn-1408576269 custom custom outline solid custom\" href=\"mailto:alma.leon@uas.edu.mx\" style=\"border-width:1px;\"  data-background=\"#be9f37\" data-text=\"#ffffff\" data-border=\"\">Email<\/a>\r\n\t\t<\/div> <\/div><\/div><div class=\"edukul-icon-box clearfix icon-top align-left  simple\" style=\"\" ><div class=\"wrap-inner\" style=\"position: relative;\"> <h6 class=\"heading  white\" style=\"color:#ffffff;\">\r\n\t\t\t<span>EDELBAIS URIBE MART\u00cdNEZ<\/span>\r\n\t\t<\/h6><div class=\"desc\" style=\"\"><p><img loading=\"lazy\" decoding=\"async\" src=\"https:\/\/idiomasmazatlan.com\/uas\/wp-content\/uploads\/2024\/08\/EDELBAIS-URIBE-MARTINEZ.webp\" alt=\"\" width=\"150\" height=\"150\" class=\"alignnone size-full wp-image-19329\" srcset=\"https:\/\/idiomasmazatlan.com\/uas\/wp-content\/uploads\/2024\/08\/EDELBAIS-URIBE-MARTINEZ.webp 150w, https:\/\/idiomasmazatlan.com\/uas\/wp-content\/uploads\/2024\/08\/EDELBAIS-URIBE-MARTINEZ-100x100.webp 100w\" sizes=\"auto, (max-width: 150px) 100vw, 150px\" \/><\/p>\n<\/div><div class=\"url-wrap\" style=\"\">\r\n\t\t\t<a target=\"_blank\" class=\"edukul-button big btn-502904929 custom custom outline solid custom\" href=\"mailto:edelbais.uribe@uas.edu.mx\" style=\"border-width:1px;\"  data-background=\"#be9f37\" data-text=\"#ffffff\" data-border=\"\">Email<\/a>\r\n\t\t<\/div> <\/div><\/div>\r\n\t<\/div>[\/vc_column][vc_column width=\u00bb1\/4&#8243;]\r\n\t<div class=\"edukul-spacer clearfix\" data-desktop=\"20\" data-mobi=\"10\" data-smobi=\"10\"><\/div><div class=\"edukul-center-carousel-box gap-30 bullet50\" data-auto=\"false\" data-gap=\"30\" data-padding=\"15%\" data-slide=\"3\">\r\n        <div class=\"edukul-icon-box clearfix icon-top align-left  simple\" style=\"\" ><div class=\"wrap-inner\" style=\"position: relative;\"> <h6 class=\"heading  white\" style=\"color:#ffffff;\">\r\n\t\t\t<span>KARLA GABRIELA REYES VELARDE<\/span>\r\n\t\t<\/h6><div class=\"desc\" style=\"\"><p><img loading=\"lazy\" decoding=\"async\" src=\"https:\/\/idiomasmazatlan.com\/uas\/wp-content\/uploads\/2024\/08\/KARLA-GABRIELA-REYES-VELARDE.webp\" alt=\"\" width=\"150\" height=\"150\" class=\"alignnone size-full wp-image-19336\" srcset=\"https:\/\/idiomasmazatlan.com\/uas\/wp-content\/uploads\/2024\/08\/KARLA-GABRIELA-REYES-VELARDE.webp 150w, https:\/\/idiomasmazatlan.com\/uas\/wp-content\/uploads\/2024\/08\/KARLA-GABRIELA-REYES-VELARDE-100x100.webp 100w\" sizes=\"auto, (max-width: 150px) 100vw, 150px\" \/><\/p>\n<\/div><div class=\"url-wrap\" style=\"\">\r\n\t\t\t<a target=\"_blank\" class=\"edukul-button big btn-1308331703 custom custom outline solid custom\" href=\"mailto:karla.reyes@uas.edu.mx\" style=\"border-width:1px;\"  data-background=\"#be9f37\" data-text=\"#ffffff\" data-border=\"\">Email<\/a>\r\n\t\t<\/div> <\/div><\/div><div class=\"edukul-icon-box clearfix icon-top align-left  simple\" style=\"\" ><div class=\"wrap-inner\" style=\"position: relative;\"> <h6 class=\"heading  white\" style=\"color:#ffffff;\">\r\n\t\t\t<span>LAURA JIMENEZ LISON<\/span>\r\n\t\t<\/h6><div class=\"desc\" style=\"\"><p><img loading=\"lazy\" decoding=\"async\" src=\"https:\/\/idiomasmazatlan.com\/uas\/wp-content\/uploads\/2024\/08\/LAURA-JIMENEZ-LISON.webp\" alt=\"\" width=\"150\" height=\"150\" class=\"alignnone size-full wp-image-19339\" srcset=\"https:\/\/idiomasmazatlan.com\/uas\/wp-content\/uploads\/2024\/08\/LAURA-JIMENEZ-LISON.webp 150w, https:\/\/idiomasmazatlan.com\/uas\/wp-content\/uploads\/2024\/08\/LAURA-JIMENEZ-LISON-100x100.webp 100w\" sizes=\"auto, (max-width: 150px) 100vw, 150px\" \/><\/p>\n<\/div><div class=\"url-wrap\" style=\"\">\r\n\t\t\t<a target=\"_blank\" class=\"edukul-button big btn-16723110 custom custom outline solid custom\" href=\"mailto:laura.jimenez@uas.edu.mx\" style=\"border-width:1px;\"  data-background=\"#be9f37\" data-text=\"#ffffff\" data-border=\"\">Email<\/a>\r\n\t\t<\/div> <\/div><\/div><div class=\"edukul-icon-box clearfix icon-top align-left  simple\" style=\"\" ><div class=\"wrap-inner\" style=\"position: relative;\"> <h6 class=\"heading  white\" style=\"color:#ffffff;\">\r\n\t\t\t<span>LINDA MUSATYE OSUNA GARC\u00cdA<\/span>\r\n\t\t<\/h6><div class=\"desc\" style=\"\"><p><img loading=\"lazy\" decoding=\"async\" src=\"https:\/\/idiomasmazatlan.com\/uas\/wp-content\/uploads\/2024\/08\/Linda-Musatye-Osuna-Garcia.webp\" alt=\"\" width=\"156\" height=\"156\" class=\"alignnone size-full wp-image-19340\" srcset=\"https:\/\/idiomasmazatlan.com\/uas\/wp-content\/uploads\/2024\/08\/Linda-Musatye-Osuna-Garcia.webp 156w, https:\/\/idiomasmazatlan.com\/uas\/wp-content\/uploads\/2024\/08\/Linda-Musatye-Osuna-Garcia-150x150.webp 150w, https:\/\/idiomasmazatlan.com\/uas\/wp-content\/uploads\/2024\/08\/Linda-Musatye-Osuna-Garcia-100x100.webp 100w\" sizes=\"auto, (max-width: 156px) 100vw, 156px\" \/><\/p>\n<\/div><div class=\"url-wrap\" style=\"\">\r\n\t\t\t<a target=\"_blank\" class=\"edukul-button big btn-961347277 custom custom outline solid custom\" href=\"mailto:linda.musatye@uas.edu.mx\" style=\"border-width:1px;\"  data-background=\"#be9f37\" data-text=\"#ffffff\" data-border=\"\">Email<\/a>\r\n\t\t<\/div> <\/div><\/div>\r\n\t<\/div>[\/vc_column][vc_column width=\u00bb1\/4&#8243;]\r\n\t<div class=\"edukul-spacer clearfix\" data-desktop=\"20\" data-mobi=\"10\" data-smobi=\"10\"><\/div><div class=\"edukul-center-carousel-box gap-30 bullet50\" data-auto=\"false\" data-gap=\"30\" data-padding=\"15%\" data-slide=\"3\">\r\n        <div class=\"edukul-icon-box clearfix icon-top align-left  simple\" style=\"\" ><div class=\"wrap-inner\" style=\"position: relative;\"> <h6 class=\"heading  white\" style=\"color:#ffffff;\">\r\n\t\t\t<span>MARIELA VALENTINA AVILA CARRASCO<\/span>\r\n\t\t<\/h6><div class=\"desc\" style=\"\"><p><img loading=\"lazy\" decoding=\"async\" src=\"https:\/\/idiomasmazatlan.com\/uas\/wp-content\/uploads\/2024\/08\/MARIELA-VALENTINA-AVILA-CARRASCO.webp\" alt=\"\" width=\"150\" height=\"150\" class=\"alignnone size-full wp-image-19341\" srcset=\"https:\/\/idiomasmazatlan.com\/uas\/wp-content\/uploads\/2024\/08\/MARIELA-VALENTINA-AVILA-CARRASCO.webp 150w, https:\/\/idiomasmazatlan.com\/uas\/wp-content\/uploads\/2024\/08\/MARIELA-VALENTINA-AVILA-CARRASCO-100x100.webp 100w\" sizes=\"auto, (max-width: 150px) 100vw, 150px\" \/><\/p>\n<\/div><div class=\"url-wrap\" style=\"\">\r\n\t\t\t<a target=\"_blank\" class=\"edukul-button big btn-677736790 custom custom outline solid custom\" href=\"mailto:mariela.avila@uas.edu.mx\" style=\"border-width:1px;\"  data-background=\"#be9f37\" data-text=\"#ffffff\" data-border=\"\">Email<\/a>\r\n\t\t<\/div> <\/div><\/div><div class=\"edukul-icon-box clearfix icon-top align-left  simple\" style=\"\" ><div class=\"wrap-inner\" style=\"position: relative;\"> <h6 class=\"heading  white\" style=\"color:#ffffff;\">\r\n\t\t\t<span>MELINA MARBELLA ELENES LIZARRAGA<\/span>\r\n\t\t<\/h6><div class=\"desc\" style=\"\"><p><img loading=\"lazy\" decoding=\"async\" src=\"https:\/\/idiomasmazatlan.com\/uas\/wp-content\/uploads\/2024\/08\/Melina-Elenes.webp\" alt=\"\" width=\"150\" height=\"150\" class=\"alignnone size-full wp-image-19342\" srcset=\"https:\/\/idiomasmazatlan.com\/uas\/wp-content\/uploads\/2024\/08\/Melina-Elenes.webp 150w, https:\/\/idiomasmazatlan.com\/uas\/wp-content\/uploads\/2024\/08\/Melina-Elenes-100x100.webp 100w\" sizes=\"auto, (max-width: 150px) 100vw, 150px\" \/><\/p>\n<\/div><div class=\"url-wrap\" style=\"\">\r\n\t\t\t<a target=\"_blank\" class=\"edukul-button big btn-446006025 custom custom outline solid custom\" href=\"mailto:melina.elenes@uas.edu.mx\" style=\"border-width:1px;\"  data-background=\"#be9f37\" data-text=\"#ffffff\" data-border=\"\">Email<\/a>\r\n\t\t<\/div> <\/div><\/div><div class=\"edukul-icon-box clearfix icon-top align-left  simple\" style=\"\" ><div class=\"wrap-inner\" style=\"position: relative;\"> <h6 class=\"heading  white\" style=\"color:#ffffff;\">\r\n\t\t\t<span>MIRNA LETICIA URIBE RODRIGUEZ<\/span>\r\n\t\t<\/h6><div class=\"desc\" style=\"\"><p><img loading=\"lazy\" decoding=\"async\" src=\"https:\/\/idiomasmazatlan.com\/uas\/wp-content\/uploads\/2024\/08\/MIRNA-LETICIA-URIBE-RODRIGUEZ.webp\" alt=\"\" width=\"150\" height=\"150\" class=\"alignnone size-full wp-image-19344\" srcset=\"https:\/\/idiomasmazatlan.com\/uas\/wp-content\/uploads\/2024\/08\/MIRNA-LETICIA-URIBE-RODRIGUEZ.webp 150w, https:\/\/idiomasmazatlan.com\/uas\/wp-content\/uploads\/2024\/08\/MIRNA-LETICIA-URIBE-RODRIGUEZ-100x100.webp 100w\" sizes=\"auto, (max-width: 150px) 100vw, 150px\" \/><\/p>\n<\/div><div class=\"url-wrap\" style=\"\">\r\n\t\t\t<a target=\"_blank\" class=\"edukul-button big btn-550390633 custom custom outline solid custom\" href=\"mailto:mirna.uribe@uas.edu.mx\" style=\"border-width:1px;\"  data-background=\"#be9f37\" data-text=\"#ffffff\" data-border=\"\">Email<\/a>\r\n\t\t<\/div> <\/div><\/div>\r\n\t<\/div>[\/vc_column][vc_column width=\u00bb1\/4&#8243;]\r\n\t<div class=\"edukul-spacer clearfix\" data-desktop=\"20\" data-mobi=\"10\" data-smobi=\"10\"><\/div><div class=\"edukul-center-carousel-box gap-30 bullet50\" data-auto=\"false\" data-gap=\"30\" data-padding=\"15%\" data-slide=\"3\">\r\n        <div class=\"edukul-icon-box clearfix icon-top align-left  simple\" style=\"\" ><div class=\"wrap-inner\" style=\"position: relative;\"> <h6 class=\"heading  white\" style=\"color:#ffffff;\">\r\n\t\t\t<span>REBECA TERVEN SALINAS<\/span>\r\n\t\t<\/h6><div class=\"desc\" style=\"\"><p><img loading=\"lazy\" decoding=\"async\" src=\"https:\/\/idiomasmazatlan.com\/uas\/wp-content\/uploads\/2024\/08\/REBECA-TERVEN-SALINAS.webp\" alt=\"\" width=\"150\" height=\"150\" class=\"alignnone size-full wp-image-19345\" srcset=\"https:\/\/idiomasmazatlan.com\/uas\/wp-content\/uploads\/2024\/08\/REBECA-TERVEN-SALINAS.webp 150w, https:\/\/idiomasmazatlan.com\/uas\/wp-content\/uploads\/2024\/08\/REBECA-TERVEN-SALINAS-100x100.webp 100w\" sizes=\"auto, (max-width: 150px) 100vw, 150px\" \/><\/p>\n<\/div><div class=\"url-wrap\" style=\"\">\r\n\t\t\t<a target=\"_blank\" class=\"edukul-button big btn-747997966 custom custom outline solid custom\" href=\"mailto:rebeca.terven@uas.edu.mx\" style=\"border-width:1px;\"  data-background=\"#be9f37\" data-text=\"#ffffff\" data-border=\"\">Email<\/a>\r\n\t\t<\/div> <\/div><\/div><div class=\"edukul-icon-box clearfix icon-top align-left  simple\" style=\"\" ><div class=\"wrap-inner\" style=\"position: relative;\"> <h6 class=\"heading  white\" style=\"color:#ffffff;\">\r\n\t\t\t<span>SVITLANA KOVALYK<\/span>\r\n\t\t<\/h6><div class=\"desc\" style=\"\"><p><img loading=\"lazy\" decoding=\"async\" src=\"https:\/\/idiomasmazatlan.com\/uas\/wp-content\/uploads\/2024\/08\/SVITLANA-KOVALYK.webp\" alt=\"\" width=\"150\" height=\"150\" class=\"alignnone size-full wp-image-19346\" srcset=\"https:\/\/idiomasmazatlan.com\/uas\/wp-content\/uploads\/2024\/08\/SVITLANA-KOVALYK.webp 150w, https:\/\/idiomasmazatlan.com\/uas\/wp-content\/uploads\/2024\/08\/SVITLANA-KOVALYK-100x100.webp 100w\" sizes=\"auto, (max-width: 150px) 100vw, 150px\" \/><\/p>\n<\/div><div class=\"url-wrap\" style=\"\">\r\n\t\t\t<a target=\"_blank\" class=\"edukul-button big btn-929289522 custom custom outline solid custom\" href=\"mailto:lana.kovalyk@uas.edu.mx\" style=\"border-width:1px;\"  data-background=\"#be9f37\" data-text=\"#ffffff\" data-border=\"\">Email<\/a>\r\n\t\t<\/div> <\/div><\/div><div class=\"edukul-icon-box clearfix icon-top align-left  simple\" style=\"\" ><div class=\"wrap-inner\" style=\"position: relative;\"> <h6 class=\"heading  white\" style=\"color:#ffffff;\">\r\n\t\t\t<span>FRIDA GROUMOUTIS<\/span>\r\n\t\t<\/h6><div class=\"desc\" style=\"\"><p><img loading=\"lazy\" decoding=\"async\" src=\"https:\/\/idiomasmazatlan.com\/uas\/wp-content\/uploads\/2024\/08\/FRIDA-GROUMOUNTIS.webp\" alt=\"\" width=\"150\" height=\"150\" class=\"alignnone size-full wp-image-19335\" srcset=\"https:\/\/idiomasmazatlan.com\/uas\/wp-content\/uploads\/2024\/08\/FRIDA-GROUMOUNTIS.webp 150w, https:\/\/idiomasmazatlan.com\/uas\/wp-content\/uploads\/2024\/08\/FRIDA-GROUMOUNTIS-100x100.webp 100w\" sizes=\"auto, (max-width: 150px) 100vw, 150px\" \/><\/p>\n<\/div><div class=\"url-wrap\" style=\"\">\r\n\t\t\t<a target=\"_blank\" class=\"edukul-button big btn-1387480678 custom custom outline solid custom\" href=\"mailto:frida.groumoutis@uas.edu.mx\" style=\"border-width:1px;\"  data-background=\"#be9f37\" data-text=\"#ffffff\" data-border=\"\">Email<\/a>\r\n\t\t<\/div> <\/div><\/div>\r\n\t<\/div>[\/vc_column][\/vc_row][\/vc_section][vc_row][vc_column]\r\n\t<div class=\"edukul-spacer clearfix\" data-desktop=\"100\" data-mobi=\"80\" data-smobi=\"80\"><\/div>[\/vc_column][\/vc_row][vc_row][vc_column]\r\n\t<div class=\"edukul-tabs clearfix style-1\"><ul class=\"tab-title clearfix\"><\/ul><div class=\"tab-content-wrap\"><div class=\"tab-content \" style=\"\"><li class=\"item-title\" style=\"\">\r\n\t\t\t<span class=\"inner\" style=\"\">\r\n\t\t\t\tMAPA CURRICULAR\r\n\t\t\t<\/span>\r\n\t\t<\/li><div class=\"item-content\" style=\"\"><p><iframe style=\"width: 100%; height: 500px;\" src=\"https:\/\/idiomasmazatlan.com\/uas\/wp-content\/uploads\/2024\/08\/mapacba.pdf\" frameborder=\"0\"><br \/>\nEste buscador no soporta PDFs. Por favor, descarga el mapa curricular para verlo: <a href=\"https:\/\/idiomasmazatlan.com\/uas\/wp-content\/uploads\/2024\/08\/mapacba.pdf\">Descarga Programa LEII<\/a>.<br \/>\n<\/iframe><\/p>\n<\/div><\/div><div class=\"tab-content \" style=\"\"><li class=\"item-title\" style=\"\">\r\n\t\t\t<span class=\"inner\" style=\"\">\r\n\t\t\t\tFOLLETO LICENCIATURA\r\n\t\t\t<\/span>\r\n\t\t<\/li><div class=\"item-content\" style=\"\"><p><iframe style=\"width: 100%; height: 500px;\" src=\"https:\/\/idiomasmazatlan.com\/uas\/wp-content\/uploads\/2024\/08\/folletoBA.pdf\" frameborder=\"0\"><br \/>\nEste buscador no soporta PDFs. Por favor, descarga el folleto de licenciatura para verlo: <a href=\"https:\/\/idiomasmazatlan.com\/uas\/wp-content\/uploads\/2024\/08\/folletoBA.pdf\">Descarga Folleto<\/a>.<br \/>\n<\/iframe><\/p>\n<\/div><\/div>\n<\/div><\/div>\r\n\t<div class=\"edukul-spacer clearfix\" data-desktop=\"80\" data-mobi=\"40\" data-smobi=\"40\"><\/div>[\/vc_column][\/vc_row]<\/p>\n<\/div>","protected":false},"excerpt":{"rendered":"<p>[vc_row][vc_column][vc_zigzag color=\u00bborange\u00bb el_border_width=\u00bb8&#8243;][\/vc_column][\/vc_row][vc_row][vc_column][\/vc_column][\/vc_row][vc_section css_animation=\u00bbnone\u00bb el_id=\u00bbdocentesLEII\u00bb css=\u00bb.vc_custom_1722707636212{background-color: #0f2051 !important;}\u00bb][vc_row][vc_column width=\u00bb1\/4&#8243;][\/vc_column][vc_column width=\u00bb1\/4&#8243;][\/vc_column][vc_column width=\u00bb1\/4&#8243;][\/vc_column][vc_column width=\u00bb1\/4&#8243;][\/vc_column][\/vc_row][\/vc_section][vc_row][vc_column][\/vc_column][\/vc_row][vc_row][vc_column][\/vc_column][\/vc_row]<\/p>\n","protected":false},"author":1,"featured_media":0,"parent":0,"menu_order":0,"comment_status":"closed","ping_status":"closed","template":"","meta":{"_coblocks_attr":"","_coblocks_dimensions":"","_coblocks_responsive_height":"","_coblocks_accordion_ie_support":"","om_disable_all_campaigns":false,"_monsterinsights_skip_tracking":false,"_monsterinsights_sitenote_active":false,"_monsterinsights_sitenote_note":"","_monsterinsights_sitenote_category":0,"footnotes":""},"class_list":["post-13463","page","type-page","status-publish","hentry"],"aioseo_notices":[],"yoast_head":"<!-- This site is optimized with the Yoast SEO plugin v24.3 - https:\/\/yoast.com\/wordpress\/plugins\/seo\/ -->\n<title>Licenciatura - BA in ELT - Centro de Estudio de Idiomas Mazatl\u00e1n - UAS<\/title>\n<meta name=\"description\" content=\"La licenciatura busca inspirar a futuros educadores de ingl\u00e9s a trav\u00e9s de un programa acad\u00e9mico de vanguardia, fundamentado en el Modelo Educativo UAS 2022 y el Plan de Desarrollo Institucional con Visi\u00f3n de Futuro 2025, comprometidos con la excelencia, la innovaci\u00f3n pedag\u00f3gica y la responsabilidad social.\" \/>\n<meta name=\"robots\" content=\"index, follow, max-snippet:-1, max-image-preview:large, max-video-preview:-1\" \/>\n<link rel=\"canonical\" href=\"https:\/\/idiomasmazatlan.com\/uas\/licenciatura-ba\/\" \/>\n<meta property=\"og:locale\" content=\"es_ES\" \/>\n<meta property=\"og:type\" content=\"article\" \/>\n<meta property=\"og:title\" content=\"Licenciatura - BA in ELT - Centro de Estudio de Idiomas Mazatl\u00e1n - UAS\" \/>\n<meta property=\"og:description\" content=\"La licenciatura busca inspirar a futuros educadores de ingl\u00e9s a trav\u00e9s de un programa acad\u00e9mico de vanguardia, fundamentado en el Modelo Educativo UAS 2022 y el Plan de Desarrollo Institucional con Visi\u00f3n de Futuro 2025, comprometidos con la excelencia, la innovaci\u00f3n pedag\u00f3gica y la responsabilidad social.\" \/>\n<meta property=\"og:url\" content=\"https:\/\/idiomasmazatlan.com\/uas\/licenciatura-ba\/\" \/>\n<meta property=\"og:site_name\" content=\"Centro de Estudio de Idiomas Mazatl\u00e1n - UAS\" \/>\n<meta property=\"article:modified_time\" content=\"2024-08-17T02:29:39+00:00\" \/>\n<meta property=\"og:image\" content=\"https:\/\/idiomasmazatlan.com\/uas\/wp-content\/uploads\/2024\/08\/Melina-Elenes.webp\" \/>\n<meta name=\"twitter:card\" content=\"summary_large_image\" \/>\n<meta name=\"twitter:label1\" content=\"Tiempo de lectura\" \/>\n\t<meta name=\"twitter:data1\" content=\"11 minutos\" \/>\n<script type=\"application\/ld+json\" class=\"yoast-schema-graph\">{\"@context\":\"https:\/\/schema.org\",\"@graph\":[{\"@type\":\"WebPage\",\"@id\":\"https:\/\/idiomasmazatlan.com\/uas\/licenciatura-ba\/\",\"url\":\"https:\/\/idiomasmazatlan.com\/uas\/licenciatura-ba\/\",\"name\":\"Licenciatura - BA in ELT - Centro de Estudio de Idiomas Mazatl\u00e1n - UAS\",\"isPartOf\":{\"@id\":\"https:\/\/idiomasmazatlan.com\/uas\/#website\"},\"primaryImageOfPage\":{\"@id\":\"https:\/\/idiomasmazatlan.com\/uas\/licenciatura-ba\/#primaryimage\"},\"image\":{\"@id\":\"https:\/\/idiomasmazatlan.com\/uas\/licenciatura-ba\/#primaryimage\"},\"thumbnailUrl\":\"https:\/\/idiomasmazatlan.com\/uas\/wp-content\/uploads\/2024\/08\/Melina-Elenes.webp\",\"datePublished\":\"2024-07-30T08:16:20+00:00\",\"dateModified\":\"2024-08-17T02:29:39+00:00\",\"description\":\"La licenciatura busca inspirar a futuros educadores de ingl\u00e9s a trav\u00e9s de un programa acad\u00e9mico de vanguardia, fundamentado en el Modelo Educativo UAS 2022 y el Plan de Desarrollo Institucional con Visi\u00f3n de Futuro 2025, comprometidos con la excelencia, la innovaci\u00f3n pedag\u00f3gica y la responsabilidad social.\",\"breadcrumb\":{\"@id\":\"https:\/\/idiomasmazatlan.com\/uas\/licenciatura-ba\/#breadcrumb\"},\"inLanguage\":\"es\",\"potentialAction\":[{\"@type\":\"ReadAction\",\"target\":[\"https:\/\/idiomasmazatlan.com\/uas\/licenciatura-ba\/\"]}]},{\"@type\":\"ImageObject\",\"inLanguage\":\"es\",\"@id\":\"https:\/\/idiomasmazatlan.com\/uas\/licenciatura-ba\/#primaryimage\",\"url\":\"https:\/\/idiomasmazatlan.com\/uas\/wp-content\/uploads\/2024\/08\/Melina-Elenes.webp\",\"contentUrl\":\"https:\/\/idiomasmazatlan.com\/uas\/wp-content\/uploads\/2024\/08\/Melina-Elenes.webp\",\"width\":150,\"height\":150},{\"@type\":\"BreadcrumbList\",\"@id\":\"https:\/\/idiomasmazatlan.com\/uas\/licenciatura-ba\/#breadcrumb\",\"itemListElement\":[{\"@type\":\"ListItem\",\"position\":1,\"name\":\"Home\",\"item\":\"https:\/\/idiomasmazatlan.com\/uas\/\"},{\"@type\":\"ListItem\",\"position\":2,\"name\":\"Licenciatura &#8211; BA in ELT\"}]},{\"@type\":\"WebSite\",\"@id\":\"https:\/\/idiomasmazatlan.com\/uas\/#website\",\"url\":\"https:\/\/idiomasmazatlan.com\/uas\/\",\"name\":\"Centro de Estudio de Idiomas Mazatl\u00e1n - UAS\",\"description\":\"\",\"publisher\":{\"@id\":\"https:\/\/idiomasmazatlan.com\/uas\/#organization\"},\"potentialAction\":[{\"@type\":\"SearchAction\",\"target\":{\"@type\":\"EntryPoint\",\"urlTemplate\":\"https:\/\/idiomasmazatlan.com\/uas\/?s={search_term_string}\"},\"query-input\":{\"@type\":\"PropertyValueSpecification\",\"valueRequired\":true,\"valueName\":\"search_term_string\"}}],\"inLanguage\":\"es\"},{\"@type\":\"Organization\",\"@id\":\"https:\/\/idiomasmazatlan.com\/uas\/#organization\",\"name\":\"Centro de Estudio de Idiomas Mazatl\u00e1n - UAS\",\"url\":\"https:\/\/idiomasmazatlan.com\/uas\/\",\"logo\":{\"@type\":\"ImageObject\",\"inLanguage\":\"es\",\"@id\":\"https:\/\/idiomasmazatlan.com\/uas\/#\/schema\/logo\/image\/\",\"url\":\"\",\"contentUrl\":\"\",\"caption\":\"Centro de Estudio de Idiomas Mazatl\u00e1n - UAS\"},\"image\":{\"@id\":\"https:\/\/idiomasmazatlan.com\/uas\/#\/schema\/logo\/image\/\"}}]}<\/script>\n<!-- \/ Yoast SEO plugin. -->","yoast_head_json":{"title":"Licenciatura - BA in ELT - Centro de Estudio de Idiomas Mazatl\u00e1n - UAS","description":"La licenciatura busca inspirar a futuros educadores de ingl\u00e9s a trav\u00e9s de un programa acad\u00e9mico de vanguardia, fundamentado en el Modelo Educativo UAS 2022 y el Plan de Desarrollo Institucional con Visi\u00f3n de Futuro 2025, comprometidos con la excelencia, la innovaci\u00f3n pedag\u00f3gica y la responsabilidad social.","robots":{"index":"index","follow":"follow","max-snippet":"max-snippet:-1","max-image-preview":"max-image-preview:large","max-video-preview":"max-video-preview:-1"},"canonical":"https:\/\/idiomasmazatlan.com\/uas\/licenciatura-ba\/","og_locale":"es_ES","og_type":"article","og_title":"Licenciatura - BA in ELT - Centro de Estudio de Idiomas Mazatl\u00e1n - UAS","og_description":"La licenciatura busca inspirar a futuros educadores de ingl\u00e9s a trav\u00e9s de un programa acad\u00e9mico de vanguardia, fundamentado en el Modelo Educativo UAS 2022 y el Plan de Desarrollo Institucional con Visi\u00f3n de Futuro 2025, comprometidos con la excelencia, la innovaci\u00f3n pedag\u00f3gica y la responsabilidad social.","og_url":"https:\/\/idiomasmazatlan.com\/uas\/licenciatura-ba\/","og_site_name":"Centro de Estudio de Idiomas Mazatl\u00e1n - UAS","article_modified_time":"2024-08-17T02:29:39+00:00","og_image":[{"url":"https:\/\/idiomasmazatlan.com\/uas\/wp-content\/uploads\/2024\/08\/Melina-Elenes.webp","type":"","width":"","height":""}],"twitter_card":"summary_large_image","twitter_misc":{"Tiempo de lectura":"11 minutos"},"schema":{"@context":"https:\/\/schema.org","@graph":[{"@type":"WebPage","@id":"https:\/\/idiomasmazatlan.com\/uas\/licenciatura-ba\/","url":"https:\/\/idiomasmazatlan.com\/uas\/licenciatura-ba\/","name":"Licenciatura - BA in ELT - Centro de Estudio de Idiomas Mazatl\u00e1n - UAS","isPartOf":{"@id":"https:\/\/idiomasmazatlan.com\/uas\/#website"},"primaryImageOfPage":{"@id":"https:\/\/idiomasmazatlan.com\/uas\/licenciatura-ba\/#primaryimage"},"image":{"@id":"https:\/\/idiomasmazatlan.com\/uas\/licenciatura-ba\/#primaryimage"},"thumbnailUrl":"https:\/\/idiomasmazatlan.com\/uas\/wp-content\/uploads\/2024\/08\/Melina-Elenes.webp","datePublished":"2024-07-30T08:16:20+00:00","dateModified":"2024-08-17T02:29:39+00:00","description":"La licenciatura busca inspirar a futuros educadores de ingl\u00e9s a trav\u00e9s de un programa acad\u00e9mico de vanguardia, fundamentado en el Modelo Educativo UAS 2022 y el Plan de Desarrollo Institucional con Visi\u00f3n de Futuro 2025, comprometidos con la excelencia, la innovaci\u00f3n pedag\u00f3gica y la responsabilidad social.","breadcrumb":{"@id":"https:\/\/idiomasmazatlan.com\/uas\/licenciatura-ba\/#breadcrumb"},"inLanguage":"es","potentialAction":[{"@type":"ReadAction","target":["https:\/\/idiomasmazatlan.com\/uas\/licenciatura-ba\/"]}]},{"@type":"ImageObject","inLanguage":"es","@id":"https:\/\/idiomasmazatlan.com\/uas\/licenciatura-ba\/#primaryimage","url":"https:\/\/idiomasmazatlan.com\/uas\/wp-content\/uploads\/2024\/08\/Melina-Elenes.webp","contentUrl":"https:\/\/idiomasmazatlan.com\/uas\/wp-content\/uploads\/2024\/08\/Melina-Elenes.webp","width":150,"height":150},{"@type":"BreadcrumbList","@id":"https:\/\/idiomasmazatlan.com\/uas\/licenciatura-ba\/#breadcrumb","itemListElement":[{"@type":"ListItem","position":1,"name":"Home","item":"https:\/\/idiomasmazatlan.com\/uas\/"},{"@type":"ListItem","position":2,"name":"Licenciatura &#8211; BA in ELT"}]},{"@type":"WebSite","@id":"https:\/\/idiomasmazatlan.com\/uas\/#website","url":"https:\/\/idiomasmazatlan.com\/uas\/","name":"Centro de Estudio de Idiomas Mazatl\u00e1n - UAS","description":"","publisher":{"@id":"https:\/\/idiomasmazatlan.com\/uas\/#organization"},"potentialAction":[{"@type":"SearchAction","target":{"@type":"EntryPoint","urlTemplate":"https:\/\/idiomasmazatlan.com\/uas\/?s={search_term_string}"},"query-input":{"@type":"PropertyValueSpecification","valueRequired":true,"valueName":"search_term_string"}}],"inLanguage":"es"},{"@type":"Organization","@id":"https:\/\/idiomasmazatlan.com\/uas\/#organization","name":"Centro de Estudio de Idiomas Mazatl\u00e1n - UAS","url":"https:\/\/idiomasmazatlan.com\/uas\/","logo":{"@type":"ImageObject","inLanguage":"es","@id":"https:\/\/idiomasmazatlan.com\/uas\/#\/schema\/logo\/image\/","url":"","contentUrl":"","caption":"Centro de Estudio de Idiomas Mazatl\u00e1n - UAS"},"image":{"@id":"https:\/\/idiomasmazatlan.com\/uas\/#\/schema\/logo\/image\/"}}]}},"_links":{"self":[{"href":"https:\/\/idiomasmazatlan.com\/uas\/wp-json\/wp\/v2\/pages\/13463","targetHints":{"allow":["GET"]}}],"collection":[{"href":"https:\/\/idiomasmazatlan.com\/uas\/wp-json\/wp\/v2\/pages"}],"about":[{"href":"https:\/\/idiomasmazatlan.com\/uas\/wp-json\/wp\/v2\/types\/page"}],"author":[{"embeddable":true,"href":"https:\/\/idiomasmazatlan.com\/uas\/wp-json\/wp\/v2\/users\/1"}],"replies":[{"embeddable":true,"href":"https:\/\/idiomasmazatlan.com\/uas\/wp-json\/wp\/v2\/comments?post=13463"}],"version-history":[{"count":53,"href":"https:\/\/idiomasmazatlan.com\/uas\/wp-json\/wp\/v2\/pages\/13463\/revisions"}],"predecessor-version":[{"id":19514,"href":"https:\/\/idiomasmazatlan.com\/uas\/wp-json\/wp\/v2\/pages\/13463\/revisions\/19514"}],"wp:attachment":[{"href":"https:\/\/idiomasmazatlan.com\/uas\/wp-json\/wp\/v2\/media?parent=13463"}],"curies":[{"name":"wp","href":"https:\/\/api.w.org\/{rel}","templated":true}]}}